{"id":995,"date":"2014-07-22T18:27:00","date_gmt":"2014-07-22T16:27:00","guid":{"rendered":"http:\/\/feuerwehr-wolnzach.de\/cms\/einsatzberichte\/thl-vu-lkw-5\/"},"modified":"2018-01-21T18:25:14","modified_gmt":"2018-01-21T17:25:14","slug":"thl-vu-lkw-5","status":"publish","type":"einsatz","link":"https:\/\/feuerwehr-wolnzach.de\/cms\/einsatzberichte\/thl-vu-lkw-5\/","title":{"rendered":"THL &#8211; VU LKW"},"content":{"rendered":"<p>Am Dienstag gab es f\u00fcr die Frauen und M\u00e4nner der Freiwilligen Feuerwehr Wolnzach einiges zu tun.<\/p>\n<p>Am Vormittag mussten die Kr\u00e4fte bereits um 9.02 Uhr wegen eines umgest\u00fcrzten Baums ausr\u00fccken. Dieser lag entwurzelt \u00fcber einer Stra\u00dfe. Kurze Zeit sp\u00e4ter drohte ein weiterer Baum durch seine starke Schieflage auf eine Stra\u00dfe zu st\u00fcrzen. Beide B\u00e4ume wurden unter dem Einsatz von Motors\u00e4gen soweit beseitigt, dass keine Gefahr mehr bestand.<\/p>\n<p>Gegen 15.30 Uhr l\u00f6ste dann eine Brandmeldeanlage in einem Wolnzacher Unternehmen aus. Wie sich vor Ort herausstellte, handelte es sich aber lediglich um einen Fehlalarm und die anger\u00fcckten Einsatzkr\u00e4fte konnten wieder abziehen.<\/p>\n<p>Zum Abschluss wurde um 18.27 Uhr noch ein LKW-Unfall gemeldet und wieder r\u00fcckten die Floriansj\u00fcnger aus. Ein LKW-Fahrer kam von der Fahrbahn ab und blieb im Graben stecken. Beim Eintreffen wurde die Unfallstelle sofort gesichert und nachdem die Kr\u00e4fte der Feuerwehr den Tank des LKWs abgepumpt hatten, konnte ein Abschleppunternehmen mit der aufwendigen Bergung des LKWs beginnen. Die Kreisstra\u00dfe zwischen Wolnzach und Rudertshausen war f\u00fcr ca. 3 Stunden komplett gesperrt. Verletzt wurde gl\u00fccklicherweise niemand.<\/p>\nngg_shortcode_0_placeholder\n","protected":false},"author":2,"featured_media":0,"template":"","meta":{"ngg_post_thumbnail":0,"einsatz_weight":1,"footnotes":""},"categories":[31],"tags":[],"einsatzart":[14],"fahrzeug":[],"exteinsatzmittel":[],"alarmierungsart":[],"evw_unit":[],"class_list":["post-995","einsatz","type-einsatz","status-publish","hentry","category-einsaetze","einsatzart-thl"],"jetpack_sharing_enabled":true,"_links":{"self":[{"href":"https:\/\/feuerwehr-wolnzach.de\/cms\/wp-json\/wp\/v2\/einsatz\/995","targetHints":{"allow":["GET"]}}],"collection":[{"href":"https:\/\/feuerwehr-wolnzach.de\/cms\/wp-json\/wp\/v2\/einsatz"}],"about":[{"href":"https:\/\/feuerwehr-wolnzach.de\/cms\/wp-json\/wp\/v2\/types\/einsatz"}],"author":[{"embeddable":true,"href":"https:\/\/feuerwehr-wolnzach.de\/cms\/wp-json\/wp\/v2\/users\/2"}],"version-history":[{"count":3,"href":"https:\/\/feuerwehr-wolnzach.de\/cms\/wp-json\/wp\/v2\/einsatz\/995\/revisions"}],"predecessor-version":[{"id":8130,"href":"https:\/\/feuerwehr-wolnzach.de\/cms\/wp-json\/wp\/v2\/einsatz\/995\/revisions\/8130"}],"wp:attachment":[{"href":"https:\/\/feuerwehr-wolnzach.de\/cms\/wp-json\/wp\/v2\/media?parent=995"}],"wp:term":[{"taxonomy":"category","embeddable":true,"href":"https:\/\/feuerwehr-wolnzach.de\/cms\/wp-json\/wp\/v2\/categories?post=995"},{"taxonomy":"post_tag","embeddable":true,"href":"https:\/\/feuerwehr-wolnzach.de\/cms\/wp-json\/wp\/v2\/tags?post=995"},{"taxonomy":"einsatzart","embeddable":true,"href":"https:\/\/feuerwehr-wolnzach.de\/cms\/wp-json\/wp\/v2\/einsatzart?post=995"},{"taxonomy":"fahrzeug","embeddable":true,"href":"https:\/\/feuerwehr-wolnzach.de\/cms\/wp-json\/wp\/v2\/fahrzeug?post=995"},{"taxonomy":"exteinsatzmittel","embeddable":true,"href":"https:\/\/feuerwehr-wolnzach.de\/cms\/wp-json\/wp\/v2\/exteinsatzmittel?post=995"},{"taxonomy":"alarmierungsart","embeddable":true,"href":"https:\/\/feuerwehr-wolnzach.de\/cms\/wp-json\/wp\/v2\/alarmierungsart?post=995"},{"taxonomy":"evw_unit","embeddable":true,"href":"https:\/\/feuerwehr-wolnzach.de\/cms\/wp-json\/wp\/v2\/evw_unit?post=995"}],"curies":[{"name":"wp","href":"https:\/\/api.w.org\/{rel}","templated":true}]}}