{"id":2811,"date":"2017-07-27T13:02:28","date_gmt":"2017-07-27T11:02:28","guid":{"rendered":"http:\/\/feuerwehr-wolnzach.de\/cms\/?page_id=2811"},"modified":"2021-06-14T17:23:06","modified_gmt":"2021-06-14T15:23:06","slug":"hubrettungsfahrzeug-dla-k-23-12","status":"publish","type":"page","link":"https:\/\/feuerwehr-wolnzach.de\/cms\/feuerwehr\/fahrzeuge\/hubrettungsfahrzeug-dla-k-23-12\/","title":{"rendered":"Hubrettungsfahrzeug DLA (K) 23-12 &#8222;Metz&#8220;"},"content":{"rendered":"<div id=\"pl-2811\"  class=\"panel-layout\" ><div id=\"pg-2811-0\"  class=\"panel-grid panel-no-style\" ><div id=\"pgc-2811-0-0\"  class=\"panel-grid-cell\" ><div id=\"panel-2811-0-0-0\" class=\"so-panel widget widget_sow-editor panel-first-child\" data-index=\"0\" ><div class=\"panel-widget-style panel-widget-style-for-2811-0-0-0\" ><div\n\t\t\t\n\t\t\tclass=\"so-widget-sow-editor so-widget-sow-editor-base\"\n\t\t\t\n\t\t>\n<div class=\"siteorigin-widget-tinymce textwidget\">\n\t<p><img loading=\"lazy\" decoding=\"async\" class=\"aligncenter size-full wp-image-12234\" src=\"https:\/\/feuerwehr-wolnzach.de\/cms\/wp-content\/uploads\/2021\/06\/Wo_30-1-scaled.jpg\" alt=\"\" width=\"2560\" height=\"1707\" srcset=\"https:\/\/feuerwehr-wolnzach.de\/cms\/wp-content\/uploads\/2021\/06\/Wo_30-1-scaled.jpg 2560w, https:\/\/feuerwehr-wolnzach.de\/cms\/wp-content\/uploads\/2021\/06\/Wo_30-1-300x200.jpg 300w, https:\/\/feuerwehr-wolnzach.de\/cms\/wp-content\/uploads\/2021\/06\/Wo_30-1-1024x683.jpg 1024w, https:\/\/feuerwehr-wolnzach.de\/cms\/wp-content\/uploads\/2021\/06\/Wo_30-1-768x512.jpg 768w, https:\/\/feuerwehr-wolnzach.de\/cms\/wp-content\/uploads\/2021\/06\/Wo_30-1-1536x1024.jpg 1536w, https:\/\/feuerwehr-wolnzach.de\/cms\/wp-content\/uploads\/2021\/06\/Wo_30-1-2048x1365.jpg 2048w, https:\/\/feuerwehr-wolnzach.de\/cms\/wp-content\/uploads\/2021\/06\/Wo_30-1-272x182.jpg 272w\" sizes=\"auto, (max-width: 2560px) 100vw, 2560px\" \/><\/p>\n<table border=\"0\" width=\"80%\">\n<tbody>\n<tr>\n<td valign=\"top\" width=\"30%\"><span class=\"Stil9\">Fahrgestell:<\/span><\/td>\n<td valign=\"top\" width=\"70%\"><span class=\"Stil16\">Mercedes Benz Atego 1529 F \/ 286 PS<br \/>\nmit Telligent-Schaltautomatikgetriebe<br \/>\nmit ABS, ASR und Schleuderkettenanlage RUD Onspot<\/span><\/td>\n<\/tr>\n<tr>\n<td valign=\"top\"><span class=\"Stil9\">Baujahr:<\/span><\/td>\n<td valign=\"top\"><span class=\"Stil16\">2009<\/span><\/td>\n<\/tr>\n<tr>\n<td valign=\"top\"><span class=\"Stil9\">Aufbau:<\/span><\/td>\n<td valign=\"top\"><span class=\"Stil16\">Metz<\/span><\/td>\n<\/tr>\n<tr>\n<td valign=\"top\"><span class=\"Stil9\">Besatzung:<\/span><\/td>\n<td valign=\"top\"><span class=\"Stil16\">1\/2<\/span><\/td>\n<\/tr>\n<tr>\n<td valign=\"top\"><span class=\"Stil9\">Funkrufname:<\/span><\/td>\n<td valign=\"top\"><span class=\"Stil16\">Florian Wolnzach 30\/1<\/span><\/td>\n<\/tr>\n<tr>\n<td valign=\"top\"><span class=\"Stil9\">Kennzeichen:<\/span><\/td>\n<td valign=\"top\"><span class=\"Stil16\">PAF - FU 112<\/span><\/td>\n<\/tr>\n<tr>\n<td valign=\"top\"><span class=\"Stil9\">Ausstattung:<\/span><\/td>\n<td valign=\"top\"><span class=\"Stil16\">\u00dcberklappkorb 270 kg mit 4 Einstiegen<br \/>\nKrankentragenhalterung schwenkbar (Kombi-SKL), Nutzlast 200 kg<br \/>\nSchleifkorbtrage Ferno<br \/>\nKomplettsatz Flaschenzug<br \/>\nMonitor Metz\/Alco mit Hohlstrahld\u00fcse AWG MZ 1600<br \/>\nMannschutzbrause am Rettungskorb<br \/>\nLCD Displays f\u00fcr Abst\u00fctzung am Fahrzeugheck<br \/>\nNotbetriebseinrichtung 400 V<br \/>\nHalterung f\u00fcr L\u00fcfter am Rettungskorb<br \/>\nEinh\u00e4ngevorrichtung f\u00fcr Abseilger\u00e4t am Korb<br \/>\nLast\u00f6se an der Korbgabel f\u00fcr 270 kg<br \/>\nDruckl\u00fcfter Typhoosn \/ Leistung 27000 cbm\/h<br \/>\nWasserf\u00fchrung DN 70 an der Oberleiter<br \/>\nStromerzeuger Rosenbauer RS 14 mit Fernstarteinrichtung<br \/>\nStromhochf\u00fchrung 230\/400 V zum Rettungskorb<br \/>\nUmfeldbeleuchtung<br \/>\nLED-Abst\u00fctzbeleuchtung<br \/>\nScheinwerfer 2 x 42 W Xenon an der Unterleiter<br \/>\nScheinwerfer 2 x 1000 W seitlich am Korb<br \/>\nScheinwerfer 2 x 21 W in der Korbfront integriert<br \/>\nSitzheizung am Hauptbedienstand<br \/>\nZweite Funksprechstelle am Hauptbedienstand<br \/>\nTarget Control Zielfahreinrichtung (TCS)<br \/>\nVertikalfunktion vom Hauptbedienstand und Korb<br \/>\nAutomatische Ablage des Leitersatzes<\/span><\/td>\n<\/tr>\n<\/tbody>\n<\/table>\n<\/div>\n<\/div><\/div><\/div><div id=\"panel-2811-0-0-1\" class=\"so-panel widget widget_sow-editor\" data-index=\"1\" ><div\n\t\t\t\n\t\t\tclass=\"so-widget-sow-editor so-widget-sow-editor-base\"\n\t\t\t\n\t\t>\n<div class=\"siteorigin-widget-tinymce textwidget\">\n\tngg_shortcode_0_placeholder\n<\/div>\n<\/div><\/div><div id=\"panel-2811-0-0-2\" class=\"so-panel widget widget_siteorigin-panels-postloop panel-last-child\" data-index=\"2\" >\n<article id=\"post-2830\" class=\"animate-article post-2830 page type-page status-publish has-post-thumbnail hentry\">\n\t<header class=\"entry-header\">\n\t\t<h2 class=\"entry-title\"><a href=\"https:\/\/feuerwehr-wolnzach.de\/cms\/feuerwehr\/fahrzeuge\/hubrettungsfahrzeug-dla-k-23-12\/neue-drehleiter-fuer-die-ff-wolnzach\/\" rel=\"bookmark\">Neue Drehleiter f\u00fcr die Freiwillige Feuerwehr Wolnzach<\/a><\/h2>\t\n\t\t\n\t\t\t\n\t\t\t<p class=\"cont-img\"><a href=\"https:\/\/feuerwehr-wolnzach.de\/cms\/feuerwehr\/fahrzeuge\/hubrettungsfahrzeug-dla-k-23-12\/neue-drehleiter-fuer-die-ff-wolnzach\/\"><img loading=\"lazy\" decoding=\"async\" width=\"600\" height=\"348\" src=\"https:\/\/feuerwehr-wolnzach.de\/cms\/wp-content\/uploads\/2017\/07\/abholung.jpg\" class=\"attachment-post-thumbnail size-post-thumbnail wp-post-image\" alt=\"\" srcset=\"https:\/\/feuerwehr-wolnzach.de\/cms\/wp-content\/uploads\/2017\/07\/abholung.jpg 600w, https:\/\/feuerwehr-wolnzach.de\/cms\/wp-content\/uploads\/2017\/07\/abholung-300x174.jpg 300w\" sizes=\"auto, (max-width: 600px) 100vw, 600px\" \/> <\/a>\t<\/p>\n\t\t\n\t<\/header><!-- .entry-header -->\n\t\n\t\t\n\t\t\n\t\t\t<div class=\"ex-right\"><p>04.11.2008 &#8211; Auftragsvergabe Nach einer Vorbereitungszeit von nun fast einem Jahr hat der Gemeinderat des Marktes Wolnzach beschlossen, das der Auftrag f\u00fcr die neue<\/p>\n<p class=\"link-more\"><a class=\"read-more\" href=\"https:\/\/feuerwehr-wolnzach.de\/cms\/feuerwehr\/fahrzeuge\/hubrettungsfahrzeug-dla-k-23-12\/neue-drehleiter-fuer-die-ff-wolnzach\/\">weiterlesen<\/a><\/p>\n <\/div>\n\t\t\n\t\t\t\n\t<footer class=\"entry-footer\">\n\t\t\t<\/footer><!-- .entry-footer -->\n<\/article><!-- #post-## -->\n<\/div><\/div><\/div><\/div>","protected":false},"excerpt":{"rendered":"<p>Fahrgestell: Mercedes Benz Atego 1529 F \/ 286 PS mit Telligent-Schaltautomatikgetriebe mit ABS, ASR und Schleuderkettenanlage RUD Onspot Baujahr: 2009 Aufbau: Metz Besatzung: 1\/2<\/p>\n<p class=\"link-more\"><a class=\"read-more\" href=\"https:\/\/feuerwehr-wolnzach.de\/cms\/feuerwehr\/fahrzeuge\/hubrettungsfahrzeug-dla-k-23-12\/\">weiterlesen<\/a><\/p>\n","protected":false},"author":2,"featured_media":12234,"parent":2046,"menu_order":0,"comment_status":"closed","ping_status":"closed","template":"","meta":{"ngg_post_thumbnail":0,"footnotes":""},"class_list":["post-2811","page","type-page","status-publish","has-post-thumbnail","hentry"],"jetpack_shortlink":"https:\/\/wp.me\/P90SfJ-Jl","jetpack_sharing_enabled":true,"_links":{"self":[{"href":"https:\/\/feuerwehr-wolnzach.de\/cms\/wp-json\/wp\/v2\/pages\/2811","targetHints":{"allow":["GET"]}}],"collection":[{"href":"https:\/\/feuerwehr-wolnzach.de\/cms\/wp-json\/wp\/v2\/pages"}],"about":[{"href":"https:\/\/feuerwehr-wolnzach.de\/cms\/wp-json\/wp\/v2\/types\/page"}],"author":[{"embeddable":true,"href":"https:\/\/feuerwehr-wolnzach.de\/cms\/wp-json\/wp\/v2\/users\/2"}],"replies":[{"embeddable":true,"href":"https:\/\/feuerwehr-wolnzach.de\/cms\/wp-json\/wp\/v2\/comments?post=2811"}],"version-history":[{"count":14,"href":"https:\/\/feuerwehr-wolnzach.de\/cms\/wp-json\/wp\/v2\/pages\/2811\/revisions"}],"predecessor-version":[{"id":12245,"href":"https:\/\/feuerwehr-wolnzach.de\/cms\/wp-json\/wp\/v2\/pages\/2811\/revisions\/12245"}],"up":[{"embeddable":true,"href":"https:\/\/feuerwehr-wolnzach.de\/cms\/wp-json\/wp\/v2\/pages\/2046"}],"wp:featuredmedia":[{"embeddable":true,"href":"https:\/\/feuerwehr-wolnzach.de\/cms\/wp-json\/wp\/v2\/media\/12234"}],"wp:attachment":[{"href":"https:\/\/feuerwehr-wolnzach.de\/cms\/wp-json\/wp\/v2\/media?parent=2811"}],"curies":[{"name":"wp","href":"https:\/\/api.w.org\/{rel}","templated":true}]}}